{"id":760,"date":"2018-06-29T17:40:45","date_gmt":"2018-06-29T20:40:45","guid":{"rendered":"https:\/\/ifdestrada-crr.infd.edu.ar\/sitio\/capacitacion\/"},"modified":"2019-08-04T17:24:58","modified_gmt":"2019-08-04T20:24:58","slug":"capacitacion","status":"publish","type":"page","link":"https:\/\/ifdestrada-crr.infd.edu.ar\/sitio\/capacitacion\/","title":{"rendered":"Capacitaci\u00f3n"},"content":{"rendered":"<p><span style=\"color: #003366;\">El instituto se caracteriza por brindar acciones de Capacitaci\u00f3n a Docentes desde hace muchos a\u00f1os y contin\u00faa orientado\u00a0 a optimizar la profesionalizaci\u00f3n de los mismos. En ese sentido, en el marco del programa de Corrientes Virtual Educa, que tiene como finalidad diluir los l\u00edmites geogr\u00e1ficos y ampliar el alcance de los cursos de capacitaci\u00f3n a toda la provincia, esta Instituci\u00f3n como una de las m\u00e1s destacadas\u00a0 \u00a0en este tema se hace parte de este programa y pone al alcance de mayor cantidad de docentes, cursos semipresenciales, con mayor carga horaria virtual para diferentes \u00e1reas.<\/span><\/p>\n<p><span style=\"color: #003366;\">En esta segunda etapa del programa,\u00a0el Instituto\u00a0 ofrece nuevas propuestas de cursos virtuales de capacitaci\u00f3n: <span style=\"color: #ff0000;\">Solo pueden inscribirse en un curso.<\/span><\/span><\/p>\n<h4><span style=\"color: #ff0000;\">Importante!!!!!<\/span><\/h4>\n<p><span style=\"color: #003366;\"><strong>Los cursantes que accedan al link, en el sector observaciones deben anotar el N\u00ba de registro de t\u00edtulo<\/strong>. Las inscripciones que no tengan el N\u00ba de registro de t\u00edtulos no ser\u00e1n dadas de alta, adem\u00e1s deber\u00e1n cumplimentar con la entrega de la documentaci\u00f3n del\u00a0 06 al 10 de Agosto.\u00a0<strong>(Leer al final de la p\u00e1gina esta informaci\u00f3n)<\/strong>. Fotocopia del t\u00edtulo docente. Fotocopia del D.N.I.\u00a0 <span style=\"color: #ff0000;\">(No es necesario legalizar las fotocopias)<\/span><\/span><\/p>\n<ul>\n<li>\n<h5><span style=\"color: #003366;\">Programaci\u00f3n sin c\u00f3digo.\u00a0<span style=\"color: #ff0000;\"><span style=\"color: #008000;\"> Para Todos los Niveles<\/span>.<\/span>\u00a0<span style=\"color: #ff0000;\">Inscripci\u00f3n: Click sobre la imagen<\/span><\/span><\/h5>\n<\/li>\n<li><a href=\"https:\/\/ifdestrada-crr.infd.edu.ar\/aula\/catalogo.cgi?embed=1\"><img decoding=\"async\" loading=\"lazy\" class=\"alignnone wp-image-875\" src=\"https:\/\/ifdestrada-crr.infd.edu.ar\/sitio\/wp-content\/uploads\/2019\/08\/Programaci\u00f3n-sin-C\u00f3digo.jpg\" alt=\"\" width=\"187\" height=\"140\" srcset=\"https:\/\/ifdestrada-crr.infd.edu.ar\/sitio\/wp-content\/uploads\/2019\/08\/Programaci\u00f3n-sin-C\u00f3digo.jpg 960w, https:\/\/ifdestrada-crr.infd.edu.ar\/sitio\/wp-content\/uploads\/2019\/08\/Programaci\u00f3n-sin-C\u00f3digo-768x576.jpg 768w\" sizes=\"(max-width: 187px) 100vw, 187px\" \/><\/a><\/li>\n<li>\n<h5><span style=\"color: #003366;\">Rob\u00f3tica Educativa.\u00a0<\/span><span style=\"color: #003366;\"><span style=\"color: #ff0000;\"><span style=\"color: #008000;\">Para Todos los Niveles.\u00a0<\/span><\/span><\/span><span style=\"color: #003366;\"><span style=\"color: #ff0000;\">Inscripci\u00f3n: Click sobre la imagen<\/span><\/span><\/h5>\n<\/li>\n<li><a href=\"https:\/\/ifdestrada-crr.infd.edu.ar\/aula\/catalogo.cgi?embed=1\"><img decoding=\"async\" loading=\"lazy\" class=\"alignnone wp-image-871\" src=\"https:\/\/ifdestrada-crr.infd.edu.ar\/sitio\/wp-content\/uploads\/2019\/08\/tobotica-educativa_3-1000x563.jpg\" alt=\"\" width=\"195\" height=\"110\" srcset=\"https:\/\/ifdestrada-crr.infd.edu.ar\/sitio\/wp-content\/uploads\/2019\/08\/tobotica-educativa_3-1000x563.jpg 1000w, https:\/\/ifdestrada-crr.infd.edu.ar\/sitio\/wp-content\/uploads\/2019\/08\/tobotica-educativa_3-768x432.jpg 768w, https:\/\/ifdestrada-crr.infd.edu.ar\/sitio\/wp-content\/uploads\/2019\/08\/tobotica-educativa_3.jpg 1280w\" sizes=\"(max-width: 195px) 100vw, 195px\" \/><\/a><\/li>\n<li>\n<h5><span style=\"color: #003366;\">Formulaci\u00f3n de Proyectos de Investigaci\u00f3n Educativos.\u00a0<\/span><span style=\"color: #003366;\"><span style=\"color: #ff0000;\"><span style=\"color: #008000;\">Para Todos los Niveles.\u00a0<\/span><\/span><\/span><span style=\"color: #003366;\">\u00a0<\/span><span style=\"color: #003366;\"><span style=\"color: #ff0000;\">Inscripci\u00f3n: Click sobre la imagen.<\/span><\/span><\/h5>\n<\/li>\n<li><a href=\"https:\/\/ifdestrada-crr.infd.edu.ar\/aula\/catalogo.cgi?embed=1\"><img decoding=\"async\" loading=\"lazy\" class=\"alignnone wp-image-879\" src=\"https:\/\/ifdestrada-crr.infd.edu.ar\/sitio\/wp-content\/uploads\/2019\/08\/investigacion.jpg\" alt=\"\" width=\"190\" height=\"142\" srcset=\"https:\/\/ifdestrada-crr.infd.edu.ar\/sitio\/wp-content\/uploads\/2019\/08\/investigacion.jpg 960w, https:\/\/ifdestrada-crr.infd.edu.ar\/sitio\/wp-content\/uploads\/2019\/08\/investigacion-768x576.jpg 768w\" sizes=\"(max-width: 190px) 100vw, 190px\" \/><\/a><\/li>\n<li>\n<h5><span style=\"color: #003366;\">Realidad Aumentada y Realidad Virtual en Educaci\u00f3n Primaria.\u00a0<\/span><span style=\"color: #003366;\"><span style=\"color: #ff0000;\"><span style=\"color: #008000;\">Para Todos los Niveles.\u00a0<\/span><\/span><\/span><span style=\"color: #003366;\">\u00a0<\/span><span style=\"color: #003366;\"><span style=\"color: #ff0000;\">Inscripci\u00f3n: Click sobre la imagen.<\/span><\/span><\/h5>\n<\/li>\n<li><a href=\"https:\/\/ifdestrada-crr.infd.edu.ar\/aula\/catalogo.cgi?embed=1\"><img decoding=\"async\" loading=\"lazy\" class=\"alignnone wp-image-884\" src=\"https:\/\/ifdestrada-crr.infd.edu.ar\/sitio\/wp-content\/uploads\/2019\/08\/realidadaumentada-1000x599.jpg\" alt=\"\" width=\"192\" height=\"115\" srcset=\"https:\/\/ifdestrada-crr.infd.edu.ar\/sitio\/wp-content\/uploads\/2019\/08\/realidadaumentada-1000x599.jpg 1000w, https:\/\/ifdestrada-crr.infd.edu.ar\/sitio\/wp-content\/uploads\/2019\/08\/realidadaumentada-768x460.jpg 768w, https:\/\/ifdestrada-crr.infd.edu.ar\/sitio\/wp-content\/uploads\/2019\/08\/realidadaumentada.jpg 1280w\" sizes=\"(max-width: 192px) 100vw, 192px\" \/><\/a><\/li>\n<\/ul>\n<ul>\n<li>\n<h5><span style=\"color: #003366;\">Lectura, escritura y oralidad con T.I.C.\u00a0 <span style=\"color: #008000;\">Espec\u00edfico del \u00e1rea.\u00a0<\/span><\/span><span style=\"color: #008000;\">Para Todos los Niveles.\u00a0<\/span><span style=\"color: #003366;\">\u00a0<\/span><span style=\"color: #003366;\"><span style=\"color: #ff0000;\">Inscripci\u00f3n: Click sobre la imagen<\/span><\/span><\/h5>\n<\/li>\n<li><a href=\"https:\/\/ifdestrada-crr.infd.edu.ar\/aula\/catalogo.cgi?embed=1\"><img decoding=\"async\" loading=\"lazy\" class=\"alignnone wp-image-882\" src=\"https:\/\/ifdestrada-crr.infd.edu.ar\/sitio\/wp-content\/uploads\/2019\/08\/Presentaci\u00f3n2.jpg\" alt=\"\" width=\"186\" height=\"139\" srcset=\"https:\/\/ifdestrada-crr.infd.edu.ar\/sitio\/wp-content\/uploads\/2019\/08\/Presentaci\u00f3n2.jpg 960w, https:\/\/ifdestrada-crr.infd.edu.ar\/sitio\/wp-content\/uploads\/2019\/08\/Presentaci\u00f3n2-768x576.jpg 768w\" sizes=\"(max-width: 186px) 100vw, 186px\" \/><\/a><\/li>\n<\/ul>\n<p>&nbsp;<\/p>\n<p><span style=\"color: #ff0000;\"><strong>Al registrarse deben generar un\u00a0 usuario cuyo ID ser\u00e1 el n\u00famero de documento sin puntos (es fundamental) y una contrase\u00f1a personal.<\/strong><\/span><\/p>\n<p><span style=\"color: #003366;\">Los\u00a0 link de inscripci\u00f3n\u00a0 estar\u00e1n disponibles a partir del Lunes 05 de Agosto del corriente a\u00f1o desde las 20 hs, el cupo para cada curso es de 70 cursantes, completo el cupo se cerrar\u00e1 autom\u00e1ticamente.<\/span><\/p>\n<p><strong><span style=\"color: #003366;\">Los cursos tienen una clase presencial obligatoria, (la asistencia a la misma es requisito indispensable\u00a0para comenzar el cursado), la misma se llevar\u00e1 a cabo el d\u00eda 16 de Agosto de 2019 a las 19 hs en la sede central de este Instituto (calle S\u00e1nchez de Bustamante y Ra\u00f9l Alfons\u00edn. B\u00ba San Jer\u00f3nimo).<\/span><\/strong><\/p>\n<p>&nbsp;<\/p>\n<p><img decoding=\"async\" loading=\"lazy\" class=\"wp-image-824 aligncenter\" src=\"https:\/\/ifdestrada-crr.infd.edu.ar\/sitio\/wp-content\/uploads\/2019\/04\/foto-gral-1000x563.jpeg\" alt=\"\" width=\"688\" height=\"387\" srcset=\"https:\/\/ifdestrada-crr.infd.edu.ar\/sitio\/wp-content\/uploads\/2019\/04\/foto-gral-1000x563.jpeg 1000w, https:\/\/ifdestrada-crr.infd.edu.ar\/sitio\/wp-content\/uploads\/2019\/04\/foto-gral-768x432.jpeg 768w, https:\/\/ifdestrada-crr.infd.edu.ar\/sitio\/wp-content\/uploads\/2019\/04\/foto-gral.jpeg 1280w\" sizes=\"(max-width: 688px) 100vw, 688px\" \/><\/p>\n","protected":false},"excerpt":{"rendered":"<p>El instituto se caracteriza por brindar acciones de Capacitaci\u00f3n a Docentes desde hace muchos a\u00f1os y contin\u00faa orientado\u00a0 a optimizar la profesionalizaci\u00f3n de los mismos. En ese sentido, en el marco del programa de Corrientes Virtual Educa, que tiene como finalidad diluir los l\u00edmites geogr\u00e1ficos y ampliar el alcance de los cursos de capacitaci\u00f3n a &#8230; <a title=\"Capacitaci\u00f3n\" class=\"read-more\" href=\"https:\/\/ifdestrada-crr.infd.edu.ar\/sitio\/capacitacion\/\" aria-label=\"More on Capacitaci\u00f3n\">[+]<\/a><\/p>\n","protected":false},"author":3490,"featured_media":0,"parent":0,"menu_order":0,"comment_status":"closed","ping_status":"closed","template":"","meta":[],"acf":[],"_links":{"self":[{"href":"https:\/\/ifdestrada-crr.infd.edu.ar\/sitio\/wp-json\/wp\/v2\/pages\/760"}],"collection":[{"href":"https:\/\/ifdestrada-crr.infd.edu.ar\/sitio\/wp-json\/wp\/v2\/pages"}],"about":[{"href":"https:\/\/ifdestrada-crr.infd.edu.ar\/sitio\/wp-json\/wp\/v2\/types\/page"}],"author":[{"embeddable":true,"href":"https:\/\/ifdestrada-crr.infd.edu.ar\/sitio\/wp-json\/wp\/v2\/users\/3490"}],"replies":[{"embeddable":true,"href":"https:\/\/ifdestrada-crr.infd.edu.ar\/sitio\/wp-json\/wp\/v2\/comments?post=760"}],"version-history":[{"count":28,"href":"https:\/\/ifdestrada-crr.infd.edu.ar\/sitio\/wp-json\/wp\/v2\/pages\/760\/revisions"}],"predecessor-version":[{"id":886,"href":"https:\/\/ifdestrada-crr.infd.edu.ar\/sitio\/wp-json\/wp\/v2\/pages\/760\/revisions\/886"}],"wp:attachment":[{"href":"https:\/\/ifdestrada-crr.infd.edu.ar\/sitio\/wp-json\/wp\/v2\/media?parent=760"}],"curies":[{"name":"wp","href":"https:\/\/api.w.org\/{rel}","templated":true}]}}