{"id":763,"date":"2018-06-29T17:40:46","date_gmt":"2018-06-29T20:40:46","guid":{"rendered":"https:\/\/ifdestrada-crr.infd.edu.ar\/sitio\/datos-institucionales\/"},"modified":"2018-07-13T15:18:53","modified_gmt":"2018-07-13T18:18:53","slug":"datos-institucionales","status":"publish","type":"page","link":"https:\/\/ifdestrada-crr.infd.edu.ar\/sitio\/datos-institucionales\/","title":{"rendered":"Datos institucionales"},"content":{"rendered":"<blockquote><p>&nbsp;<\/p>\n<p style=\"text-align: center;\"><span style=\"font-size: 14pt; font-family: 'trebuchet ms', geneva;\"><strong>Instituto Superior de Formaci\u00f3n Docente <\/strong><\/span><\/p>\n<p style=\"text-align: center;\"><span style=\"font-size: 14pt; font-family: 'trebuchet ms', geneva;\"><strong>\u00abJos\u00e9 Manuel Estrada\u00bb<\/p>\n<p><\/strong><\/span><\/p>\n<ul>\n<li><span style=\"font-size: 12pt; font-family: 'trebuchet ms', geneva;\">Horarios de atenci\u00f3n: 19:00\u00a0a 23:00 hs<\/span><\/li>\n<li><span style=\"font-size: 12pt; font-family: 'trebuchet ms', geneva;\">Direcci\u00f3n:\u00a0Av. Pte. Ra\u00fal Alfons\u00edn (Ex. Av. Centenario) esq. S\u00e1nchez de Bustamante (Barrio San Ger\u00f3nimo)<\/span><span style=\"font-size: 12pt; font-family: 'trebuchet ms', geneva;\"><br \/>\n<\/span><\/li>\n<li><span style=\"font-size: 12pt; font-family: 'trebuchet ms', geneva;\">Sitio Web:\u00a0<\/span><span style=\"font-size: 12pt; font-family: 'trebuchet ms', geneva;\"><a href=\"http:\/\/www.iestrada.edu.ar\">www.iestrada.edu.ar<\/a><\/span><\/li>\n<\/ul>\n<\/blockquote>\n","protected":false},"excerpt":{"rendered":"<p>&nbsp; Instituto Superior de Formaci\u00f3n Docente \u00abJos\u00e9 Manuel Estrada\u00bb Horarios de atenci\u00f3n: 19:00\u00a0a 23:00 hs Direcci\u00f3n:\u00a0Av. Pte. Ra\u00fal Alfons\u00edn (Ex. Av. Centenario) esq. S\u00e1nchez de Bustamante (Barrio San Ger\u00f3nimo) Sitio Web:\u00a0www.iestrada.edu.ar<\/p>\n","protected":false},"author":3490,"featured_media":0,"parent":0,"menu_order":0,"comment_status":"closed","ping_status":"closed","template":"","meta":[],"acf":[],"_links":{"self":[{"href":"https:\/\/ifdestrada-crr.infd.edu.ar\/sitio\/wp-json\/wp\/v2\/pages\/763"}],"collection":[{"href":"https:\/\/ifdestrada-crr.infd.edu.ar\/sitio\/wp-json\/wp\/v2\/pages"}],"about":[{"href":"https:\/\/ifdestrada-crr.infd.edu.ar\/sitio\/wp-json\/wp\/v2\/types\/page"}],"author":[{"embeddable":true,"href":"https:\/\/ifdestrada-crr.infd.edu.ar\/sitio\/wp-json\/wp\/v2\/users\/3490"}],"replies":[{"embeddable":true,"href":"https:\/\/ifdestrada-crr.infd.edu.ar\/sitio\/wp-json\/wp\/v2\/comments?post=763"}],"version-history":[{"count":2,"href":"https:\/\/ifdestrada-crr.infd.edu.ar\/sitio\/wp-json\/wp\/v2\/pages\/763\/revisions"}],"predecessor-version":[{"id":802,"href":"https:\/\/ifdestrada-crr.infd.edu.ar\/sitio\/wp-json\/wp\/v2\/pages\/763\/revisions\/802"}],"wp:attachment":[{"href":"https:\/\/ifdestrada-crr.infd.edu.ar\/sitio\/wp-json\/wp\/v2\/media?parent=763"}],"curies":[{"name":"wp","href":"https:\/\/api.w.org\/{rel}","templated":true}]}}