{"id":769,"date":"2018-06-29T17:40:48","date_gmt":"2018-06-29T20:40:48","guid":{"rendered":"https:\/\/ifdestrada-crr.infd.edu.ar\/sitio\/autoridades\/"},"modified":"2025-12-03T12:35:14","modified_gmt":"2025-12-03T15:35:14","slug":"autoridades","status":"publish","type":"page","link":"https:\/\/ifdestrada-crr.infd.edu.ar\/sitio\/autoridades\/","title":{"rendered":"Autoridades"},"content":{"rendered":"<p style=\"padding-left: 60px;\">\n<ul>\n<li><strong>Rectora<\/strong><\/li>\n<\/ul>\n<p>Prof. Rosa Irene Ceccardi<\/p>\n<ul>\n<li><strong>Vicerrector\/a<\/strong><\/li>\n<\/ul>\n<p>Prof. Ana Ingrid Krieghoff<a href=\"https:\/\/ifdestrada-crr.infd.edu.ar\/aula\/administracion\/admin_usuarios.cgi?wAccion=modifica_data&amp;wPagina=3&amp;wid_usuario=aikrieghoff&amp;wid_cursoActual=21&amp;wOrden=nombre&amp;wBuscar=&amp;wadm_usuarios_filtro_estado=A&amp;wFiltrar=&amp;wFiltro=\"><strong><br \/>\n<\/strong><\/a>\u00a0\u00a0\u00a0\u00a0\u00a0\u00a0\u00a0 Prof. Marcos Chocr\u00f3n<\/p>\n<ul>\n<li><strong>Secretario Acad\u00e9mico<\/strong><\/li>\n<\/ul>\n<p>Prof. Dar\u00edo Romero<\/p>\n<ul>\n<li><strong>Secretaria Administrativa<\/strong><\/li>\n<\/ul>\n<p>Prof. Andrea Grasso.<\/p>\n<p><strong>Coordinadores de Espacios Formativos<\/strong><\/p>\n<ul>\n<li><strong>Coordinador de apoyo pedag\u00f3gico a escuelas<\/strong><\/li>\n<\/ul>\n<p>Prof. Marta S\u00e1nchez<\/p>\n<ul>\n<li><strong>Coordinador formaci\u00f3n inicial<\/strong><\/li>\n<\/ul>\n<p>Prof. Carolina Anal\u00eda Rodr\u00edguez Moreiro<\/p>\n<ul>\n<li><strong>Coordinador de investigaci\u00f3n<\/strong><\/li>\n<\/ul>\n<p>Prof. Lic. Sergio Leiva<\/p>\n<ul>\n<li><strong>Coordinadora filosof\u00eda<\/strong><\/li>\n<\/ul>\n<p>Prof. M\u00f3nica Rodr\u00edguez<\/p>\n<ul>\n<li><strong>Coordinadora de ciencias<\/strong><\/li>\n<\/ul>\n<p>Prof. Sandra Mart\u00ednez<\/p>\n<ul>\n<li><strong>Coordinadora de educaci\u00f3n tecnol\u00f3gica<\/strong><\/li>\n<\/ul>\n<p>Prof. Margarita Esp\u00ednola<\/p>\n<ul>\n<li><strong>Coordinadora de Educaci\u00f3n Primaria<\/strong><\/li>\n<\/ul>\n<p>Prof. Liliana Barreto<\/p>\n<ul>\n<li><strong>Coordinadora de Educaci\u00f3n Inicial<\/strong><\/li>\n<\/ul>\n<p>Prof. Andrea Marturet<\/p>\n<ul>\n<li><strong>Coordinadora de la Tecnicatura en Pedagog\u00eda y Educaci\u00f3n Social<\/strong><\/li>\n<\/ul>\n<p>Prof. Mirta Gim\u00e9nez<\/p>\n<ul>\n<li><strong>Coordinador de la Tecnicatura Superior en Desarrollo de Software<\/strong><\/li>\n<\/ul>\n<p>Prof. Leandro Vald\u00e9z<\/p>\n<ul>\n<li><strong>Coordinadora de la Diplomatura Superior en TAC<\/strong><\/li>\n<\/ul>\n<p>Prof. Margarita Esp\u00ednola<\/p>\n<ul>\n<li><strong>Coordinador de pr\u00e1cticas inicial y primaria<\/strong><\/li>\n<\/ul>\n<p>Prof. Marta Meza<\/p>\n<ul>\n<li><strong>Coordinadora de pr\u00e1cticas de nivel secundario y superior<\/strong><\/li>\n<\/ul>\n<p>Prof. Zulma Ibarra Vel\u00e1zquez<\/p>\n<ul>\n<li><strong>Coordinador centro de recursos t\u00e9cnicos pedag\u00f3gicos<\/strong><\/li>\n<\/ul>\n<p>Prof. Eduardo Nicol\u00e1s L\u00f3pez<\/p>\n<ul>\n<li><strong>Coordinador de pol\u00edticas educativas<\/strong><\/li>\n<\/ul>\n<p style=\"padding-left: 60px;\">Dr. Cristian Gane<br \/>\nDra. Nora Morello Ben\u00edtez<\/p>\n","protected":false},"excerpt":{"rendered":"<p>Rectora Prof. Rosa Irene Ceccardi Vicerrector\/a Prof. Ana Ingrid Krieghoff \u00a0\u00a0\u00a0\u00a0\u00a0\u00a0\u00a0 Prof. Marcos Chocr\u00f3n Secretario Acad\u00e9mico Prof. Dar\u00edo Romero Secretaria Administrativa Prof. Andrea Grasso. Coordinadores de Espacios Formativos Coordinador de apoyo pedag\u00f3gico a escuelas Prof. Marta S\u00e1nchez Coordinador formaci\u00f3n inicial Prof. Carolina Anal\u00eda Rodr\u00edguez Moreiro Coordinador de investigaci\u00f3n Prof. Lic. Sergio Leiva Coordinadora filosof\u00eda Prof. &#8230; <a title=\"Autoridades\" class=\"read-more\" href=\"https:\/\/ifdestrada-crr.infd.edu.ar\/sitio\/autoridades\/\" aria-label=\"More on Autoridades\">[+]<\/a><\/p>\n","protected":false},"author":5778,"featured_media":0,"parent":0,"menu_order":0,"comment_status":"closed","ping_status":"closed","template":"","meta":[],"acf":[],"_links":{"self":[{"href":"https:\/\/ifdestrada-crr.infd.edu.ar\/sitio\/wp-json\/wp\/v2\/pages\/769"}],"collection":[{"href":"https:\/\/ifdestrada-crr.infd.edu.ar\/sitio\/wp-json\/wp\/v2\/pages"}],"about":[{"href":"https:\/\/ifdestrada-crr.infd.edu.ar\/sitio\/wp-json\/wp\/v2\/types\/page"}],"author":[{"embeddable":true,"href":"https:\/\/ifdestrada-crr.infd.edu.ar\/sitio\/wp-json\/wp\/v2\/users\/5778"}],"replies":[{"embeddable":true,"href":"https:\/\/ifdestrada-crr.infd.edu.ar\/sitio\/wp-json\/wp\/v2\/comments?post=769"}],"version-history":[{"count":4,"href":"https:\/\/ifdestrada-crr.infd.edu.ar\/sitio\/wp-json\/wp\/v2\/pages\/769\/revisions"}],"predecessor-version":[{"id":926,"href":"https:\/\/ifdestrada-crr.infd.edu.ar\/sitio\/wp-json\/wp\/v2\/pages\/769\/revisions\/926"}],"wp:attachment":[{"href":"https:\/\/ifdestrada-crr.infd.edu.ar\/sitio\/wp-json\/wp\/v2\/media?parent=769"}],"curies":[{"name":"wp","href":"https:\/\/api.w.org\/{rel}","templated":true}]}}